{"id":10,"date":"2023-10-10T20:24:09","date_gmt":"2023-10-10T20:24:09","guid":{"rendered":"https:\/\/creches-molsheim.fr\/les-bimbis\/projet-dannee\/"},"modified":"2025-09-10T12:24:48","modified_gmt":"2025-09-10T11:24:48","slug":"projet-dannee","status":"publish","type":"page","link":"https:\/\/creches-molsheim.fr\/les-bimbis\/la-creche\/projet-dannee\/","title":{"rendered":"Projet d&rsquo;ann\u00e9e"},"content":{"rendered":"\n<p><strong>PROJET PEDAGOGIQUE 2025- 2026<\/strong><\/p>\n\n\n\n<p><strong>Projet annuel <\/strong><\/p>\n\n\n\n<p>Notre projet annuel de cette ann\u00e9e aura pour fil conducteur les fruits et les l\u00e9gumes pr\u00e9sent dans la vie quotidienne de vos enfants.<\/p>\n\n\n\n<p>En manipulant, touchant, sentant et go\u00fbtant diff\u00e9rents fruits et l\u00e9gumes, les enfants stimulent leur motricit\u00e9 fine et globale, explorent leurs sens et d\u00e9veloppent leur curiosit\u00e9 et leur esprit d&rsquo;observation.<\/p>\n\n\n\n<p>Nous allons emmener vos enfants cette ann\u00e9e \u00e0 la d\u00e9couverte de tous ces fruits et l\u00e9gumes \u00e0 travers des activit\u00e9s manuelles, sensorielles, culinaires pour leur permettre de d\u00e9velopper leur cr\u00e9ativit\u00e9 et d&rsquo;enrichir leur vocabulaire.<\/p>\n\n\n\n<p>La d\u00e9couverte de ces aliments est \u00e9galement un moyen d&rsquo;\u00e9veiller leur go\u00fbt et d&rsquo;accompagner les enfants dans l&rsquo;acquisition de bonnes habitudes alimentaires, essentielles d\u00e8s le plus jeune \u00e2ge.<\/p>\n\n\n\n<p>Nous proposerons donc \u00e0 vos enfants des ateliers de cuisine et de p\u00e2tisserie, des sorties au march\u00e9 du village, des activit\u00e9s de manipulation, des chansons et comptines sign\u00e9es\u2026 Une ann\u00e9e riche en exp\u00e9riences et d\u00e9couvertes pour le bonheur de vos enfants !<\/p>\n","protected":false},"excerpt":{"rendered":"<p>PROJET PEDAGOGIQUE 2025- 2026 Projet annuel Notre projet annuel de cette ann\u00e9e aura pour fil conducteur les fruits et les l\u00e9gumes pr\u00e9sent dans la vie quotidienne de vos enfants. En manipulant, touchant, sentant et go\u00fbtant diff\u00e9rents fruits et l\u00e9gumes, les enfants stimulent leur motricit\u00e9 fine et globale, explorent leurs sens et d\u00e9veloppent leur curiosit\u00e9 et&#8230;  <a class=\"excerpt-read-more\" href=\"https:\/\/creches-molsheim.fr\/les-bimbis\/la-creche\/projet-dannee\/\" title=\"LireProjet d&rsquo;ann\u00e9e\">Lire la suite &raquo;<\/a><\/p>\n","protected":false},"author":1,"featured_media":0,"parent":9,"menu_order":0,"comment_status":"closed","ping_status":"closed","template":"","meta":{"_glsr_average":0,"_glsr_ranking":0,"_glsr_reviews":0,"footnotes":""},"class_list":["post-10","page","type-page","status-publish","hentry"],"_links":{"self":[{"href":"https:\/\/creches-molsheim.fr\/les-bimbis\/wp-json\/wp\/v2\/pages\/10","targetHints":{"allow":["GET"]}}],"collection":[{"href":"https:\/\/creches-molsheim.fr\/les-bimbis\/wp-json\/wp\/v2\/pages"}],"about":[{"href":"https:\/\/creches-molsheim.fr\/les-bimbis\/wp-json\/wp\/v2\/types\/page"}],"author":[{"embeddable":true,"href":"https:\/\/creches-molsheim.fr\/les-bimbis\/wp-json\/wp\/v2\/users\/1"}],"replies":[{"embeddable":true,"href":"https:\/\/creches-molsheim.fr\/les-bimbis\/wp-json\/wp\/v2\/comments?post=10"}],"version-history":[{"count":7,"href":"https:\/\/creches-molsheim.fr\/les-bimbis\/wp-json\/wp\/v2\/pages\/10\/revisions"}],"predecessor-version":[{"id":360,"href":"https:\/\/creches-molsheim.fr\/les-bimbis\/wp-json\/wp\/v2\/pages\/10\/revisions\/360"}],"up":[{"embeddable":true,"href":"https:\/\/creches-molsheim.fr\/les-bimbis\/wp-json\/wp\/v2\/pages\/9"}],"wp:attachment":[{"href":"https:\/\/creches-molsheim.fr\/les-bimbis\/wp-json\/wp\/v2\/media?parent=10"}],"curies":[{"name":"wp","href":"https:\/\/api.w.org\/{rel}","templated":true}]}}